{"id":47,"date":"2013-04-09T09:37:28","date_gmt":"2013-04-09T09:37:28","guid":{"rendered":"http:\/\/localhost\/bombeiros\/?page_id=47"},"modified":"2013-06-11T08:19:53","modified_gmt":"2013-06-11T08:19:53","slug":"mensagem-do-presidente","status":"publish","type":"page","link":"http:\/\/www.bombeirosvaledecambra.pt\/?page_id=47","title":{"rendered":"Mensagem do Presidente"},"content":{"rendered":"<p>Bem-vindos!<\/p>\n<p>&nbsp;<\/p>\n<p>Abrimos agora uma janela da nossa Associa\u00e7\u00e3o, para que possam acompanhar a nossa atividade.<\/p>\n<p>A Associa\u00e7\u00e3o Humanit\u00e1ria dos Bombeiros de Vale de Cambra tem, na sua carga gen\u00e9tica, a bonomia dos seus fundadores, que h\u00e1 mais de 50 anos se propuseram a defender os valecambrenses, suas vidas e haveres, de forma organizada, coerente, dedicada, com o esfor\u00e7o coletivo de um conjunto de homens que se entregaram, entregam e entregar\u00e3o para que o socorro seja prof\u00edcuo, eficiente e eficaz.<\/p>\n<p>O destino desta Associa\u00e7\u00e3o est\u00e1 enraizado, assim, na generosidade dos que a comp\u00f5em: os Bombeiros, em primeiro lugar, os seus s\u00f3cios e tamb\u00e9m os in\u00fameros \u201c restantes Bombeiros \u201cque com ou sem farda fizeram e fazem parte dos seus \u00f3rg\u00e3os de gest\u00e3o.<\/p>\n<p>Os tempos atuais n\u00e3o s\u00e3o alheios a dificuldades.<\/p>\n<p>Ali\u00e1s, s\u00e3o agora acrescidas.<\/p>\n<p>Para al\u00e9m do quotidiano esfor\u00e7o de presta\u00e7\u00e3o de socorro, de que somos a face vis\u00edvel, somo-lo tamb\u00e9m quando os fogos assolam o nosso Concelho e os concelhos que nos s\u00e3o vizinhos. Somos, tamb\u00e9m, nos dias de hoje, uma Associa\u00e7\u00e3o que apoia outros tipos de car\u00eancia, porque n\u00e3o negamos a ajuda a quem dela efetivamente precisa.<\/p>\n<p>Para conseguir manter a operacionalidade que se sente na prontid\u00e3o do socorro, lutamos diariamente contra as dificuldades a que ningu\u00e9m \u00e9 alheio, procurando o apoio da popula\u00e7\u00e3o, de benem\u00e9ritos e amigos que, de diversas formas, nos ajudam.<\/p>\n<p>Por este meio, dar-lhes-emos conta de que o vosso apoio\u00a0e ajuda n\u00e3o s\u00e3o em v\u00e3o. Que temos obra feita e a fazer, que estaremos presentes quando formos necess\u00e1rios, que atuaremos de forma preventiva, minimizando os perigos, e de forma ativa, eliminando-os.<\/p>\n<p>Precisamos, para isso da vossa ajuda.<\/p>\n<p>Precisamos que sejam, tamb\u00e9m,\u00a0parte de n\u00f3s, que se fa\u00e7am s\u00f3cios, que participem nas nossas atividades, que contribuam com o\u00a0vosso esfor\u00e7o, pessoal ou monet\u00e1rio, para que, de cada vez que saia um Bombeiro em vosso socorro, esteja preparado, que de\u00a0cada vez que saia um Bombeiro em\u00a0vosso socorro, que efetivamente vos socorra, que de cada vez que saia um Bombeiro, ele volte!<\/p>\n<p>Sim, porque ser Bombeiro \u00e9 tamb\u00e9m sair sem ter a certeza de que vai voltar. Mas com a certeza de que sangue, suor e l\u00e1grimas, por vezes, ser\u00e3o a express\u00e3o de uma ajuda que foi \u00fatil, de um mal que se debelou, de algo que foi salvo.<\/p>\n<p>Vale de Cambra precisa dos Bombeiros e os Bombeiros precisam de todos!<\/p>\n<p>Com a sua ajuda, estaremos preparados!<\/p>\n<p>&nbsp;<\/p>\n<p>Em meu nome pessoal, em nome da Direc\u00e7\u00e3o que presido e em nome da Associa\u00e7\u00e3o Humanit\u00e1ria dos Bombeiros de Vale de Cambra, deixo este apelo, com um forte abra\u00e7o!<\/p>\n<p>&nbsp;<\/p>\n<p>Miguel Aguiar Soares<\/p>\n<p>&nbsp;<\/p>\n<p><img loading=\"lazy\" class=\"alignnone size-full wp-image-204\" alt=\"presidente\" src=\"http:\/\/www.bombeirosvaledecambra.pt\/wp-content\/uploads\/2013\/04\/presidente.jpg\" width=\"556\" height=\"526\" srcset=\"http:\/\/www.bombeirosvaledecambra.pt\/wp-content\/uploads\/2013\/04\/presidente.jpg 800w, http:\/\/www.bombeirosvaledecambra.pt\/wp-content\/uploads\/2013\/04\/presidente-300x284.jpg 300w\" sizes=\"(max-width: 556px) 100vw, 556px\" \/><\/p>\n","protected":false},"excerpt":{"rendered":"<p>Bem-vindos! &nbsp; Abrimos agora uma janela da nossa Associa\u00e7\u00e3o, para que possam acompanhar a nossa atividade. A Associa\u00e7\u00e3o Humanit\u00e1ria dos Bombeiros de Vale de Cambra tem, na sua carga gen\u00e9tica, a bonomia dos seus fundadores, que h\u00e1 mais de 50 anos se propuseram a defender os valecambrenses, suas vidas e haveres, de forma organizada, coerente, [&hellip;]<\/p>\n","protected":false},"author":4,"featured_media":0,"parent":0,"menu_order":0,"comment_status":"open","ping_status":"open","template":"","meta":[],"_links":{"self":[{"href":"http:\/\/www.bombeirosvaledecambra.pt\/index.php?rest_route=\/wp\/v2\/pages\/47"}],"collection":[{"href":"http:\/\/www.bombeirosvaledecambra.pt\/index.php?rest_route=\/wp\/v2\/pages"}],"about":[{"href":"http:\/\/www.bombeirosvaledecambra.pt\/index.php?rest_route=\/wp\/v2\/types\/page"}],"author":[{"embeddable":true,"href":"http:\/\/www.bombeirosvaledecambra.pt\/index.php?rest_route=\/wp\/v2\/users\/4"}],"replies":[{"embeddable":true,"href":"http:\/\/www.bombeirosvaledecambra.pt\/index.php?rest_route=%2Fwp%2Fv2%2Fcomments&post=47"}],"version-history":[{"count":3,"href":"http:\/\/www.bombeirosvaledecambra.pt\/index.php?rest_route=\/wp\/v2\/pages\/47\/revisions"}],"predecessor-version":[{"id":203,"href":"http:\/\/www.bombeirosvaledecambra.pt\/index.php?rest_route=\/wp\/v2\/pages\/47\/revisions\/203"}],"wp:attachment":[{"href":"http:\/\/www.bombeirosvaledecambra.pt\/index.php?rest_route=%2Fwp%2Fv2%2Fmedia&parent=47"}],"curies":[{"name":"wp","href":"https:\/\/api.w.org\/{rel}","templated":true}]}}