{"id":53,"date":"2013-04-09T09:39:46","date_gmt":"2013-04-09T09:39:46","guid":{"rendered":"http:\/\/localhost\/bombeiros\/?page_id=53"},"modified":"2017-01-28T10:45:17","modified_gmt":"2017-01-28T10:45:17","slug":"quadro-de-comando","status":"publish","type":"page","link":"http:\/\/www.bombeirosvaledecambra.pt\/?page_id=53","title":{"rendered":"Quadro de Comando"},"content":{"rendered":"<p><span style=\"font-size: 18px;\"><strong>Quadro de Comando<\/strong><\/span><\/p>\n<p>&nbsp;<\/p>\n<table style=\"width: 599px; height: 628px;\" border=\"0\">\n<tbody>\n<tr>\n<td style=\"text-align: center;\"><span style=\"font-size: 12px;\"><strong>Nome<\/strong><\/span><\/td>\n<td style=\"text-align: center;\"><span style=\"font-size: 12px;\"><strong>N\u00famero Mecanogr\u00e1fico<\/strong><\/span><\/td>\n<td style=\"text-align: center;\"><span style=\"font-size: 12px;\"><strong> N\u00famero Interno <\/strong><\/span><\/td>\n<td style=\"text-align: center;\"><span style=\"font-size: 12px;\"><strong> Data de Admiss\u00e3o <\/strong><\/span><\/td>\n<td style=\"text-align: center;\"><span style=\"font-size: 12px;\"><strong>Posto<\/strong><\/span><\/td>\n<\/tr>\n<tr>\n<td><span style=\"font-size: 12px;\">Victor Manuel Machado Ferreira<\/span><\/td>\n<td style=\"text-align: center;\"><span style=\"font-size: 12px;\"> 1860439<\/span><\/td>\n<td style=\"text-align: center;\"><span style=\"font-size: 12px;\"> 178<\/span><\/td>\n<td style=\"text-align: center;\"><span style=\"font-size: 12px;\">19-08-1986<\/span><\/td>\n<td style=\"text-align: center;\"><img loading=\"lazy\" class=\"aligncenter wp-image-594\" src=\"http:\/\/www.bombeirosvaledecambra.pt\/wp-content\/uploads\/2017\/01\/dimx198-C\u00f3pia.jpg\" alt=\"\" width=\"90\" height=\"90\" \/><\/td>\n<\/tr>\n<tr>\n<td><span style=\"font-size: 12px;\">Filipe Jos\u00e9 Gomes de Aguiar<\/span><\/td>\n<td style=\"text-align: center;\"><span style=\"font-size: 12px;\"> 1810508<\/span><\/td>\n<td style=\"text-align: center;\"><span style=\"font-size: 12px;\"> 100<\/span><\/td>\n<td style=\"text-align: center;\"><span style=\"font-size: 12px;\">18-09-1981<\/span><\/td>\n<td style=\"text-align: center;\"><img loading=\"lazy\" class=\"aligncenter wp-image-594\" src=\"http:\/\/www.bombeirosvaledecambra.pt\/wp-content\/uploads\/2017\/01\/dimx197-C\u00f3pia.jpg\" alt=\"\" width=\"90\" height=\"90\" \/><\/td>\n<\/tr>\n<tr>\n<td><span style=\"font-size: 12px;\">Paulo Rui Almeida Gon\u00e7alves<\/span><\/td>\n<td style=\"text-align: center;\"><span style=\"font-size: 12px;\"> 1860348<\/span><\/td>\n<td style=\"text-align: center;\"><span style=\"font-size: 12px;\"> 128<\/span><\/td>\n<td style=\"text-align: center;\"><span style=\"font-size: 12px;\">15-06-1986<\/span><\/td>\n<td style=\"text-align: center;\"><img loading=\"lazy\" class=\"aligncenter wp-image-594\" src=\"http:\/\/www.bombeirosvaledecambra.pt\/wp-content\/uploads\/2017\/01\/dimx199-C\u00f3pia.jpg\" alt=\"\" width=\"90\" height=\"90\" \/><\/td>\n<\/tr>\n<tr>\n<td><span style=\"font-size: 12px;\">Filipe Nuno Santos Matins<\/span><\/td>\n<td style=\"text-align: center;\"><span style=\"font-size: 12px;\"> 1970402<\/span><\/td>\n<td style=\"text-align: center;\"><span style=\"font-size: 12px;\"> 121<\/span><\/td>\n<td style=\"text-align: center;\"><span style=\"font-size: 12px;\">13-12-1997<\/span><\/td>\n<td style=\"text-align: center;\"><img loading=\"lazy\" class=\"aligncenter wp-image-594\" src=\"http:\/\/www.bombeirosvaledecambra.pt\/wp-content\/uploads\/2017\/01\/dimx199-C\u00f3pia.jpg\" alt=\"\" width=\"90\" height=\"90\" \/><\/td>\n<\/tr>\n<\/tbody>\n<\/table>\n","protected":false},"excerpt":{"rendered":"<p>Quadro de Comando &nbsp; Nome N\u00famero Mecanogr\u00e1fico N\u00famero Interno Data de Admiss\u00e3o Posto Victor Manuel Machado Ferreira 1860439 178 19-08-1986 Filipe Jos\u00e9 Gomes de Aguiar 1810508 100 18-09-1981 Paulo Rui Almeida Gon\u00e7alves 1860348 128 15-06-1986 Filipe Nuno Santos Matins 1970402 121 13-12-1997<\/p>\n","protected":false},"author":4,"featured_media":0,"parent":0,"menu_order":0,"comment_status":"open","ping_status":"open","template":"","meta":[],"_links":{"self":[{"href":"http:\/\/www.bombeirosvaledecambra.pt\/index.php?rest_route=\/wp\/v2\/pages\/53"}],"collection":[{"href":"http:\/\/www.bombeirosvaledecambra.pt\/index.php?rest_route=\/wp\/v2\/pages"}],"about":[{"href":"http:\/\/www.bombeirosvaledecambra.pt\/index.php?rest_route=\/wp\/v2\/types\/page"}],"author":[{"embeddable":true,"href":"http:\/\/www.bombeirosvaledecambra.pt\/index.php?rest_route=\/wp\/v2\/users\/4"}],"replies":[{"embeddable":true,"href":"http:\/\/www.bombeirosvaledecambra.pt\/index.php?rest_route=%2Fwp%2Fv2%2Fcomments&post=53"}],"version-history":[{"count":12,"href":"http:\/\/www.bombeirosvaledecambra.pt\/index.php?rest_route=\/wp\/v2\/pages\/53\/revisions"}],"predecessor-version":[{"id":935,"href":"http:\/\/www.bombeirosvaledecambra.pt\/index.php?rest_route=\/wp\/v2\/pages\/53\/revisions\/935"}],"wp:attachment":[{"href":"http:\/\/www.bombeirosvaledecambra.pt\/index.php?rest_route=%2Fwp%2Fv2%2Fmedia&parent=53"}],"curies":[{"name":"wp","href":"https:\/\/api.w.org\/{rel}","templated":true}]}}